{"id":662,"date":"2015-04-14T08:58:42","date_gmt":"2015-04-14T07:58:42","guid":{"rendered":"http:\/\/personal.pmf.uns.ac.rs\/tijana.prodanovic\/?page_id=662"},"modified":"2015-04-14T08:59:46","modified_gmt":"2015-04-14T07:59:46","slug":"vii-sar","status":"publish","type":"page","link":"https:\/\/personal.pmf.uns.ac.rs\/tijana.prodanovic\/teaching\/studentska_astro_radionica\/vii-sar\/","title":{"rendered":"VII SAR"},"content":{"rendered":"<div id=\"content\">\n<div>\n<address><strong>Subota, 05.04.2014.<\/strong><\/address>\n<address><strong>Prostorije udru\u017eenja Milutin Milankovi\u0107, Mar\u0161ala Birjuzova 53 (ulaz iz Pop Lukine), Beograd<br \/>\n<\/strong><\/address>\n<address><a href=\"http:\/\/personal.pmf.uns.ac.rs\/tijana.prodanovic\/wp-content\/uploads\/sites\/10\/2012\/12\/image_2.jpg\"><img loading=\"lazy\" decoding=\"async\" class=\"alignnone  wp-image-492\" src=\"http:\/\/personal.pmf.uns.ac.rs\/tijana.prodanovic\/wp-content\/uploads\/sites\/10\/2012\/12\/image_2.jpg\" alt=\"image_2\" width=\"556\" height=\"338\" srcset=\"https:\/\/personal.pmf.uns.ac.rs\/tijana.prodanovic\/wp-content\/uploads\/sites\/10\/2012\/12\/image_2.jpg 667w, https:\/\/personal.pmf.uns.ac.rs\/tijana.prodanovic\/wp-content\/uploads\/sites\/10\/2012\/12\/image_2-300x182.jpg 300w, https:\/\/personal.pmf.uns.ac.rs\/tijana.prodanovic\/wp-content\/uploads\/sites\/10\/2012\/12\/image_2-624x379.jpg 624w\" sizes=\"auto, (max-width: 556px) 100vw, 556px\" \/><\/a><\/address>\n<p><a href=\"http:\/\/people.df.uns.ac.rs\/~prodanvc\/radionica\/VII_SAR_program.pdf\"><strong><em>PROGRAM<\/em><\/strong><\/a><\/p>\n<p>10:30 &#8211; 11:00 Dolazak Studenata iz Novog Sada i upoznavanje<\/p>\n<p><b>Plenarno predavanje <\/b><\/p>\n<p>11:00 &#8211; 11:45 <a href=\"http:\/\/people.df.uns.ac.rs\/%7Eprodanvc\/radionica\/predavanja\/sedma\/Urosevic.ppt\">Dejan Uro\u0161evi\u0107: <\/a><em><a href=\"http:\/\/people.df.uns.ac.rs\/%7Eprodanvc\/radionica\/predavanja\/sedma\/Urosevic.ppt\">Najnoviji parametri kosmolo\u0161kih modela &#8211; merenja Plank misije<\/a><br \/>\n<\/em><\/p>\n<p>11:45 &#8211; 12:00 Pauza<\/p>\n<p><b>Sesija I<\/b> (Chair:D. Ili\u0107)<br \/>\n12:00 &#8211; 12:20 <a href=\"http:\/\/people.df.uns.ac.rs\/%7Eprodanvc\/radionica\/predavanja\/sedma\/Andrej Obuljen.pdf\">Andrej Obuljen: Formiranje ultrakompaktnih patuljastih galaksija<\/a><br \/>\n12:20 &#8211; 12:40 <a href=\"http:\/\/people.df.uns.ac.rs\/%7Eprodanvc\/radionica\/predavanja\/sedma\/Kostic.ppt\">Petar Kosti\u0107: Sta poku\u0161avaju da nam ka\u017eu bljeskovi sa Sunca?<\/a><br \/>\n12:40 &#8211; 13:00 <a href=\"http:\/\/people.df.uns.ac.rs\/%7Eprodanvc\/radionica\/predavanja\/sedma\/Dincic Velinovic.pdf\">Julija Din\u010di\u0107, Velibor Velinovi\u0107: Modeliranje prenosa zra\u010denja kroz oblak<\/a><br \/>\nelektrona<\/p>\n<p>13:00 &#8211; 14:00 Pauza za ru\u010dak<\/p>\n<p><b>Sesija II<\/b> (Chair: T. Prodanovi\u0107)<br \/>\n14:00 &#8211; 14:20 <a href=\"http:\/\/people.df.uns.ac.rs\/%7Eprodanvc\/radionica\/predavanja\/sedma\/Sibalic.ppt\">Sr\u0111an \u0160ibali\u0107: Konstrukcija amaterskog spektrografa srednje rezolucije<\/a><br \/>\n14:20 &#8211; 14:40 <a href=\"http:\/\/people.df.uns.ac.rs\/%7Eprodanvc\/radionica\/predavanja\/sedma\/Milosevic.ppt\">Stanislav Milo\u0161evi\u0107: Sudar Andromede i patuljaste galaksije<\/a><br \/>\n14:40 &#8211; 15:00 <a href=\"http:\/\/people.df.uns.ac.rs\/%7Eprodanvc\/radionica\/predavanja\/sedma\/Sarcevic Stankovic.ppt\">Milena Stankovi\u0107, Nikolina \u0160ar\u010devi\u0107: Prezentacija SVAP 2013<\/a><\/p>\n<p>15:00 &#8211; 15:30 Diskusija + pauza<\/p>\n<p>15:30 &#8211; 16:30 Prezentacija <a href=\"http:\/\/poincare.matf.bg.ac.rs\/~astroweb\/nkas17\/\">Nacionalne konferencije astronoma Srbije<\/a> septembar 2014, me\u0111unarodnog \u010dasopisa <a href=\"http:\/\/saj.matf.bg.ac.rs\/http:\/\/people.df.uns.ac.rs\/%7Eprodanvc\/radionica\/predavanja\/sedma\/saj.ppt\">SAJ<\/a> i master programa <a href=\"http:\/\/www.astromundus.eu\/http:\/\/people.df.uns.ac.rs\/%7Eprodanvc\/radionica\/predavanja\/sedma\/Ilic.ppt\">Astromundus<\/a> (Dejan Uro\u0161evi\u0107, Bojan Arbutina, Dragana Ili\u0107)<\/p>\n<p>16:30 &#8211; Slobodan program<\/p>\n<p><strong>Predavanja traju 15 min + 5 min za pitanja (obezbe\u0111en projektor i ra\u010dunar)<\/strong><\/p>\n<p><strong>Zvani\u010dni jezik radionice: srpski<\/strong><\/p>\n<\/div>\n<\/div>\n<div>\n<div class=\"wpview-body\">\n<div class=\"wpview-content wpview-type-gallery\">\n<div class=\"gallery gallery-columns-4\">\n<dl class=\"gallery-item\">\n<dt class=\"gallery-icon\"><img loading=\"lazy\" decoding=\"async\" src=\"http:\/\/personal.pmf.uns.ac.rs\/tijana.prodanovic\/wp-content\/uploads\/sites\/10\/2012\/12\/DSC_0039_small-150x150.jpg\" alt=\"\" width=\"150\" height=\"150\" \/><\/dt>\n<\/dl>\n<dl class=\"gallery-item\">\n<dt class=\"gallery-icon\"><img loading=\"lazy\" decoding=\"async\" src=\"http:\/\/personal.pmf.uns.ac.rs\/tijana.prodanovic\/wp-content\/uploads\/sites\/10\/2012\/12\/DSC_0048_small-150x150.jpg\" alt=\"\" width=\"150\" height=\"150\" \/><\/dt>\n<dd class=\"wp-caption-text gallery-caption\">Program VII SAR-a<\/dd>\n<\/dl>\n<dl class=\"gallery-item\">\n<dt class=\"gallery-icon\"><img loading=\"lazy\" decoding=\"async\" src=\"http:\/\/personal.pmf.uns.ac.rs\/tijana.prodanovic\/wp-content\/uploads\/sites\/10\/2012\/12\/DSC_0107_small-150x150.jpg\" alt=\"\" width=\"150\" height=\"150\" \/><\/dt>\n<\/dl>\n<dl class=\"gallery-item\">\n<dt class=\"gallery-icon\"><img loading=\"lazy\" decoding=\"async\" src=\"http:\/\/personal.pmf.uns.ac.rs\/tijana.prodanovic\/wp-content\/uploads\/sites\/10\/2012\/12\/DSC_0105_small-150x150.jpg\" alt=\"\" width=\"150\" height=\"150\" \/><\/dt>\n<\/dl>\n<dl class=\"gallery-item\">\n<dt class=\"gallery-icon\"><img loading=\"lazy\" decoding=\"async\" src=\"http:\/\/personal.pmf.uns.ac.rs\/tijana.prodanovic\/wp-content\/uploads\/sites\/10\/2012\/12\/DSC_0024_small-150x150.jpg\" alt=\"\" width=\"150\" height=\"150\" \/><\/dt>\n<\/dl>\n<dl class=\"gallery-item\">\n<dt class=\"gallery-icon\"><img loading=\"lazy\" decoding=\"async\" src=\"http:\/\/personal.pmf.uns.ac.rs\/tijana.prodanovic\/wp-content\/uploads\/sites\/10\/2012\/12\/DSC_0032_small-150x150.jpg\" alt=\"\" width=\"150\" height=\"150\" \/><\/dt>\n<dd class=\"wp-caption-text gallery-caption\">Prof. Uro\u0161evi\u0107 o novim rezultatima PLANCK misije<\/dd>\n<\/dl>\n<dl class=\"gallery-item\">\n<dt class=\"gallery-icon\"><img loading=\"lazy\" decoding=\"async\" src=\"http:\/\/personal.pmf.uns.ac.rs\/tijana.prodanovic\/wp-content\/uploads\/sites\/10\/2012\/12\/DSC_0059_small-150x150.jpg\" alt=\"\" width=\"150\" height=\"150\" \/><\/dt>\n<\/dl>\n<dl class=\"gallery-item\">\n<dt class=\"gallery-icon\"><img loading=\"lazy\" decoding=\"async\" src=\"http:\/\/personal.pmf.uns.ac.rs\/tijana.prodanovic\/wp-content\/uploads\/sites\/10\/2012\/12\/DSC_0043_small-150x150.jpg\" alt=\"\" width=\"150\" height=\"150\" \/><\/dt>\n<dd class=\"wp-caption-text gallery-caption\">Andrej o formiranju ultrakompaktnih patuljastih galaksija<\/dd>\n<\/dl>\n<dl class=\"gallery-item\">\n<dt class=\"gallery-icon\"><img loading=\"lazy\" decoding=\"async\" src=\"http:\/\/personal.pmf.uns.ac.rs\/tijana.prodanovic\/wp-content\/uploads\/sites\/10\/2012\/12\/DSC_0012_small-150x150.jpg\" alt=\"\" width=\"150\" height=\"150\" \/><\/dt>\n<\/dl>\n<dl class=\"gallery-item\">\n<dt class=\"gallery-icon\"><img loading=\"lazy\" decoding=\"async\" src=\"http:\/\/personal.pmf.uns.ac.rs\/tijana.prodanovic\/wp-content\/uploads\/sites\/10\/2012\/12\/DSC_0057_small-150x150.jpg\" alt=\"\" width=\"150\" height=\"150\" \/><\/dt>\n<dd class=\"wp-caption-text gallery-caption\">Petar o ispitivanju sun\u010devih bljeskova<\/dd>\n<\/dl>\n<dl class=\"gallery-item\">\n<dt class=\"gallery-icon\"><img loading=\"lazy\" decoding=\"async\" src=\"http:\/\/personal.pmf.uns.ac.rs\/tijana.prodanovic\/wp-content\/uploads\/sites\/10\/2012\/12\/DSC_0049_small-150x150.jpg\" alt=\"\" width=\"150\" height=\"150\" \/><\/dt>\n<dd class=\"wp-caption-text gallery-caption\">Julija i Velibor o modeliranju prenosa zra\u010denja kroz oblak elektrona<\/dd>\n<\/dl>\n<dl class=\"gallery-item\">\n<dt class=\"gallery-icon\"><img loading=\"lazy\" decoding=\"async\" src=\"http:\/\/personal.pmf.uns.ac.rs\/tijana.prodanovic\/wp-content\/uploads\/sites\/10\/2012\/12\/DSC_0113_small-150x150.jpg\" alt=\"\" width=\"150\" height=\"150\" \/><\/dt>\n<dd class=\"wp-caption-text gallery-caption\">Organizatori &#8211; profesori Uro\u0161evi\u0107, Arbutina i Ili\u0107<\/dd>\n<\/dl>\n<dl class=\"gallery-item\">\n<dt class=\"gallery-icon\"><img loading=\"lazy\" decoding=\"async\" src=\"http:\/\/personal.pmf.uns.ac.rs\/tijana.prodanovic\/wp-content\/uploads\/sites\/10\/2012\/12\/DSC_0055_small-150x150.jpg\" alt=\"\" width=\"150\" height=\"150\" \/><\/dt>\n<dd class=\"wp-caption-text gallery-caption\">Julija o modeliranju prenosa zra\u010denja kroz oblak elektrona<\/dd>\n<\/dl>\n<dl class=\"gallery-item\">\n<dt class=\"gallery-icon\"><img loading=\"lazy\" decoding=\"async\" src=\"http:\/\/personal.pmf.uns.ac.rs\/tijana.prodanovic\/wp-content\/uploads\/sites\/10\/2012\/12\/DSC_0065_small-150x150.jpg\" alt=\"\" width=\"150\" height=\"150\" \/><\/dt>\n<dd class=\"wp-caption-text gallery-caption\">Ru\u010dak&#8230;<\/dd>\n<\/dl>\n<dl class=\"gallery-item\">\n<dt class=\"gallery-icon\"><img loading=\"lazy\" decoding=\"async\" src=\"http:\/\/personal.pmf.uns.ac.rs\/tijana.prodanovic\/wp-content\/uploads\/sites\/10\/2012\/12\/DSC_0082_small-150x150.jpg\" alt=\"\" width=\"150\" height=\"150\" \/><\/dt>\n<\/dl>\n<dl class=\"gallery-item\">\n<dt class=\"gallery-icon\"><img loading=\"lazy\" decoding=\"async\" src=\"http:\/\/personal.pmf.uns.ac.rs\/tijana.prodanovic\/wp-content\/uploads\/sites\/10\/2012\/12\/DSC_0076_small-150x150.jpg\" alt=\"\" width=\"150\" height=\"150\" \/><\/dt>\n<\/dl>\n<dl class=\"gallery-item\">\n<dt class=\"gallery-icon\"><img loading=\"lazy\" decoding=\"async\" src=\"http:\/\/personal.pmf.uns.ac.rs\/tijana.prodanovic\/wp-content\/uploads\/sites\/10\/2012\/12\/DSC_0081_small-150x150.jpg\" alt=\"\" width=\"150\" height=\"150\" \/><\/dt>\n<dd class=\"wp-caption-text gallery-caption\">Na\u0161i doma\u0107ini &#8211; Udru\u017eenje Milutin Milankovi\u0107<\/dd>\n<\/dl>\n<dl class=\"gallery-item\">\n<dt class=\"gallery-icon\"><img loading=\"lazy\" decoding=\"async\" src=\"http:\/\/personal.pmf.uns.ac.rs\/tijana.prodanovic\/wp-content\/uploads\/sites\/10\/2012\/12\/DSC_0075_small-150x150.jpg\" alt=\"\" width=\"150\" height=\"150\" \/><\/dt>\n<\/dl>\n<dl class=\"gallery-item\">\n<dt class=\"gallery-icon\"><img loading=\"lazy\" decoding=\"async\" src=\"http:\/\/personal.pmf.uns.ac.rs\/tijana.prodanovic\/wp-content\/uploads\/sites\/10\/2012\/12\/DSC_0070_small-150x150.jpg\" alt=\"\" width=\"150\" height=\"150\" \/><\/dt>\n<\/dl>\n<dl class=\"gallery-item\">\n<dt class=\"gallery-icon\"><img loading=\"lazy\" decoding=\"async\" src=\"http:\/\/personal.pmf.uns.ac.rs\/tijana.prodanovic\/wp-content\/uploads\/sites\/10\/2012\/12\/DSC_0069_small-150x150.jpg\" alt=\"\" width=\"150\" height=\"150\" \/><\/dt>\n<dd class=\"wp-caption-text gallery-caption\">Na pauzi&#8230;<\/dd>\n<\/dl>\n<dl class=\"gallery-item\">\n<dt class=\"gallery-icon\"><img loading=\"lazy\" decoding=\"async\" src=\"http:\/\/personal.pmf.uns.ac.rs\/tijana.prodanovic\/wp-content\/uploads\/sites\/10\/2012\/12\/DSC_0087_small-150x150.jpg\" alt=\"\" width=\"150\" height=\"150\" \/><\/dt>\n<dd class=\"wp-caption-text gallery-caption\">Sr\u0111an o konstrukciji amaterskog spektrografa<\/dd>\n<\/dl>\n<dl class=\"gallery-item\">\n<dt class=\"gallery-icon\"><img loading=\"lazy\" decoding=\"async\" src=\"http:\/\/personal.pmf.uns.ac.rs\/tijana.prodanovic\/wp-content\/uploads\/sites\/10\/2012\/12\/DSC_0120_small-150x150.jpg\" alt=\"\" width=\"150\" height=\"150\" \/><\/dt>\n<\/dl>\n<dl class=\"gallery-item\">\n<dt class=\"gallery-icon\"><img loading=\"lazy\" decoding=\"async\" src=\"http:\/\/personal.pmf.uns.ac.rs\/tijana.prodanovic\/wp-content\/uploads\/sites\/10\/2012\/12\/DSC_0094_small-150x150.jpg\" alt=\"\" width=\"150\" height=\"150\" \/><\/dt>\n<dd class=\"wp-caption-text gallery-caption\">Stanislav o sudaru Andromede i patuljaste galaksije<\/dd>\n<\/dl>\n<dl class=\"gallery-item\">\n<dt class=\"gallery-icon\"><img loading=\"lazy\" decoding=\"async\" src=\"http:\/\/personal.pmf.uns.ac.rs\/tijana.prodanovic\/wp-content\/uploads\/sites\/10\/2012\/12\/DSC_0109_small-150x150.jpg\" alt=\"\" width=\"150\" height=\"150\" \/><\/dt>\n<\/dl>\n<dl class=\"gallery-item\">\n<dt class=\"gallery-icon\"><img loading=\"lazy\" decoding=\"async\" src=\"http:\/\/personal.pmf.uns.ac.rs\/tijana.prodanovic\/wp-content\/uploads\/sites\/10\/2012\/12\/DSC_0099_small-150x150.jpg\" alt=\"\" width=\"150\" height=\"150\" \/><\/dt>\n<dd class=\"wp-caption-text gallery-caption\">Nikolina o 2. studentskoj vidojevi\u010dkoj astronomskoj praksi<\/dd>\n<\/dl>\n<dl class=\"gallery-item\">\n<dt class=\"gallery-icon\"><img loading=\"lazy\" decoding=\"async\" src=\"http:\/\/personal.pmf.uns.ac.rs\/tijana.prodanovic\/wp-content\/uploads\/sites\/10\/2012\/12\/DSC_0100_small-150x150.jpg\" alt=\"\" width=\"150\" height=\"150\" \/><\/dt>\n<dd class=\"wp-caption-text gallery-caption\">Nikolina i Milena o 2. SVAP-u<\/dd>\n<\/dl>\n<dl class=\"gallery-item\">\n<dt class=\"gallery-icon\"><img loading=\"lazy\" decoding=\"async\" src=\"http:\/\/personal.pmf.uns.ac.rs\/tijana.prodanovic\/wp-content\/uploads\/sites\/10\/2012\/12\/DSC_0146_small-150x150.jpg\" alt=\"\" width=\"150\" height=\"150\" \/><\/dt>\n<\/dl>\n<dl class=\"gallery-item\">\n<dt class=\"gallery-icon\"><img loading=\"lazy\" decoding=\"async\" src=\"http:\/\/personal.pmf.uns.ac.rs\/tijana.prodanovic\/wp-content\/uploads\/sites\/10\/2012\/12\/DSC_0124_small-150x150.jpg\" alt=\"\" width=\"150\" height=\"150\" \/><\/dt>\n<dd class=\"wp-caption-text gallery-caption\">Doc. Ili\u0107 o Astromundusu<\/dd>\n<\/dl>\n<dl class=\"gallery-item\">\n<dt class=\"gallery-icon\"><img loading=\"lazy\" decoding=\"async\" src=\"http:\/\/personal.pmf.uns.ac.rs\/tijana.prodanovic\/wp-content\/uploads\/sites\/10\/2012\/12\/DSC_0134_small-150x150.jpg\" alt=\"\" width=\"150\" height=\"150\" \/><\/dt>\n<dd class=\"wp-caption-text gallery-caption\">Prof. Uro\u0161evi\u0107 o Nacionalnoj konferenciji astronoma Srbije<\/dd>\n<\/dl>\n<dl class=\"gallery-item\">\n<dt class=\"gallery-icon\"><img loading=\"lazy\" decoding=\"async\" src=\"http:\/\/personal.pmf.uns.ac.rs\/tijana.prodanovic\/wp-content\/uploads\/sites\/10\/2012\/12\/DSC_0136_small-150x150.jpg\" alt=\"\" width=\"150\" height=\"150\" \/><\/dt>\n<dd class=\"wp-caption-text gallery-caption\">Doc. Arbutina o Serbian Astronomical Journal \u010dasopisu<\/dd>\n<\/dl>\n<\/div>\n<\/div>\n<\/div>\n<p><b>U\u010desnici<\/b>: Studenti astronomije sa Beogradskog i Novosadskog Univerziteta<br \/>\n<b>Organizatori<\/b>: <a href=\"http:\/\/www.matf.bg.ac.yu\/katedre\/astronomija\/index.html\" target=\"_blank\">Katedra za astronomiju, Matematicki fakultet u Beogradu<\/a>; <a href=\"http:\/\/www.df.uns.ac.rs\/index.php?lang=lat\" target=\"_blank\">Departman za Fiziku, Prirodno-matematicki fakultet u Novom Sadu<\/a>; <a href=\"http:\/\/milutinmilankovic.rs\/\">Udru\u017eenje Milutin Milankovi\u0107<\/a><\/p>\n<\/div>\n<div>\n<div><\/div>\n<p>Pregled ostalih radionica: <a title=\"Prva Studentska Astronomska Radionica\" href=\"http:\/\/personal.pmf.uns.ac.rs\/tijana.prodanovic\/teaching\/studentska_astro_radionica\/1_studentska_astro_radionica\/\">I SAR<\/a>, <a title=\"II SAR\" href=\"http:\/\/personal.pmf.uns.ac.rs\/tijana.prodanovic\/teaching\/studentska_astro_radionica\/2_studentska_astro_radionica\/\">II SAR<\/a>, <a title=\"III SAR\" href=\"http:\/\/personal.pmf.uns.ac.rs\/tijana.prodanovic\/teaching\/studentska_astro_radionica\/3_studentska_astro_radionic\/\">III SAR <\/a>, <a title=\"IV SAR\" href=\"http:\/\/personal.pmf.uns.ac.rs\/tijana.prodanovic\/teaching\/studentska_astro_radionica\/4_studentska_astro_radionic\/\">IV SAR<\/a>, <a title=\"V SAR\" href=\"http:\/\/personal.pmf.uns.ac.rs\/tijana.prodanovic\/teaching\/studentska_astro_radionica\/v-sar\/\">V SAR <\/a>, <a title=\"VI SAR\" href=\"http:\/\/personal.pmf.uns.ac.rs\/tijana.prodanovic\/teaching\/studentska_astro_radionica\/vi-sar\/\">VI SAR <\/a><\/p>\n<\/div>\n","protected":false},"excerpt":{"rendered":"<p>Subota, 05.04.2014. Prostorije udru\u017eenja Milutin Milankovi\u0107, Mar\u0161ala Birjuzova 53 (ulaz iz Pop Lukine), Beograd PROGRAM 10:30 &#8211; 11:00 Dolazak Studenata iz Novog Sada i upoznavanje Plenarno predavanje 11:00 &#8211; 11:45 Dejan Uro\u0161evi\u0107: Najnoviji parametri kosmolo\u0161kih modela &#8211; merenja Plank misije 11:45 &#8211; 12:00 Pauza Sesija I (Chair:D. Ili\u0107) 12:00 &#8211; 12:20 Andrej Obuljen: Formiranje ultrakompaktnih [&hellip;]<\/p>\n","protected":false},"author":11,"featured_media":0,"parent":8,"menu_order":0,"comment_status":"open","ping_status":"open","template":"","meta":{"_monsterinsights_skip_tracking":false,"_monsterinsights_sitenote_active":false,"_monsterinsights_sitenote_note":"","_monsterinsights_sitenote_category":0,"footnotes":""},"class_list":["post-662","page","type-page","status-publish","hentry"],"_links":{"self":[{"href":"https:\/\/personal.pmf.uns.ac.rs\/tijana.prodanovic\/wp-json\/wp\/v2\/pages\/662","targetHints":{"allow":["GET"]}}],"collection":[{"href":"https:\/\/personal.pmf.uns.ac.rs\/tijana.prodanovic\/wp-json\/wp\/v2\/pages"}],"about":[{"href":"https:\/\/personal.pmf.uns.ac.rs\/tijana.prodanovic\/wp-json\/wp\/v2\/types\/page"}],"author":[{"embeddable":true,"href":"https:\/\/personal.pmf.uns.ac.rs\/tijana.prodanovic\/wp-json\/wp\/v2\/users\/11"}],"replies":[{"embeddable":true,"href":"https:\/\/personal.pmf.uns.ac.rs\/tijana.prodanovic\/wp-json\/wp\/v2\/comments?post=662"}],"version-history":[{"count":3,"href":"https:\/\/personal.pmf.uns.ac.rs\/tijana.prodanovic\/wp-json\/wp\/v2\/pages\/662\/revisions"}],"predecessor-version":[{"id":841,"href":"https:\/\/personal.pmf.uns.ac.rs\/tijana.prodanovic\/wp-json\/wp\/v2\/pages\/662\/revisions\/841"}],"up":[{"embeddable":true,"href":"https:\/\/personal.pmf.uns.ac.rs\/tijana.prodanovic\/wp-json\/wp\/v2\/pages\/8"}],"wp:attachment":[{"href":"https:\/\/personal.pmf.uns.ac.rs\/tijana.prodanovic\/wp-json\/wp\/v2\/media?parent=662"}],"curies":[{"name":"wp","href":"https:\/\/api.w.org\/{rel}","templated":true}]}}